{"id":78,"date":"2022-07-10T00:40:04","date_gmt":"2022-07-09T22:40:04","guid":{"rendered":"http:\/\/stage.riadlaterrassedesoliviers.com\/?page_id=78"},"modified":"2026-08-28T20:20:45","modified_gmt":"2026-08-28T18:20:45","slug":"conditions-generales","status":"publish","type":"page","link":"https:\/\/stage.terrasse-des-oliviers.com\/en\/conditions-generales\/","title":{"rendered":"Conditions g\u00e9n\u00e9rales"},"content":{"rendered":"\n<hr class=\"wp-block-separator has-alpha-channel-opacity\"\/>\n\n\n\n<h3>Langages<\/h3>\n\n\n\n<p>Les langues parl\u00e9es au Riad sont le fran\u00e7ais, l\u2019anglais et l\u2019arabe.<\/p>\n\n\n\n<p>Sauf exception, nos communications \u00e9crites sont r\u00e9dig\u00e9es en fran\u00e7ais et en anglais.<\/p>\n\n\n\n<hr class=\"wp-block-separator has-alpha-channel-opacity\"\/>\n\n\n\n<h3>Politique tarifaire<\/h3>\n\n\n\n<p>Les prix sont \u00e9tablis sur la base d\u2019une occupation de deux personnes par chambre.<\/p>\n\n\n\n<p>Les prix comprennent l\u2019h\u00e9bergement, les petits-d\u00e9jeuners, l\u2019eau min\u00e9rale, le caf\u00e9, le th\u00e9 marocain et le Wi-Fi.<\/p>\n\n\n\n<p>Le prix des chambres n\u2019inclut pas la taxe de s\u00e9jour et la taxe touristique, d\u2019un montant total de 2,50 euros par nuit et par personne \u00e0 partir de 12 ans.<\/p>\n\n\n\n<p>Certaines chambres peuvent accueillir une troisi\u00e8me et une quatri\u00e8me personne sur les canap\u00e9s convertibles disponibles ou dans un lit suppl\u00e9mentaire, moyennant un suppl\u00e9ment de 15 euros par nuit et par lit.<\/p>\n\n\n\n<hr class=\"wp-block-separator has-alpha-channel-opacity\"\/>\n\n\n\n<h3>Enfants<\/h3>\n\n\n\n<p>Les enfants sont les bienvenus.<\/p>\n\n\n\n<p>\u00c0 partir de 12 ans, les enfants sont soumis aux m\u00eames conditions que les adultes.<\/p>\n\n\n\n<p>Les enfants de 11 ans et moins s\u00e9journent gratuitement dans la chambre de leurs parents, en utilisant les lits et canap\u00e9s convertibles existants. Des lits suppl\u00e9mentaires peuvent \u00eatre install\u00e9s dans certaines chambres, moyennant un suppl\u00e9ment de 15 euros par nuit et par lit.<\/p>\n\n\n\n<p>Des lits pour b\u00e9b\u00e9s (lits parapluie) sont mis gratuitement \u00e0 disposition, sous r\u00e9serve de disponibilit\u00e9.<\/p>\n\n\n\n<hr class=\"wp-block-separator has-alpha-channel-opacity\"\/>\n\n\n\n<h3>Check-in et check-out<\/h3>\n\n\n\n<p>Le check-in est possible 24 h\/24. Toutefois, si la chambre est occup\u00e9e par de pr\u00e9c\u00e9dents voyageurs, elle ne pourra \u00eatre mise \u00e0 disposition avant 12h00.<\/p>\n\n\n\n<p>Le check-out doit avoir lieu au plus tard \u00e0 10h00, sauf si la chambre est libre apr\u00e8s votre d\u00e9part.<\/p>\n\n\n\n<hr class=\"wp-block-separator has-alpha-channel-opacity\"\/>\n\n\n\n<h3>Paiement<\/h3>\n\n\n\n<p>Nous acceptons les cartes Visa, Mastercard ainsi que la plupart des cartes de d\u00e9bit et de cr\u00e9dit. Les r\u00e8glements en esp\u00e8ces sont \u00e9galement accept\u00e9s.<\/p>\n\n\n\n<p>Nous n\u2019acceptons pas les cartes American Express (Amex).<\/p>\n\n\n\n<hr class=\"wp-block-separator has-alpha-channel-opacity\"\/>\n\n\n\n<h3>Divers<\/h3>\n\n\n\n<p>Les animaux de compagnie de petite taille sont accept\u00e9s sur demande.<\/p>\n\n\n\n<hr class=\"wp-block-separator has-alpha-channel-opacity\"\/>\n\n\n\n<h4>R\u00e9servation<\/h4>\n\n\n\n<p>Afin de garantir votre r\u00e9servation, un acompte correspondant \u00e0 30% du montant total du s\u00e9jour (hors taxes de s\u00e9jour) est demand\u00e9. Cet acompte peut \u00eatre r\u00e9gl\u00e9 par virement bancaire ou par d\u00e9bit sur une carte de cr\u00e9dit ou de d\u00e9bit.<\/p>\n\n\n\n<p>Dans le cas d\u2019une garantie par carte, aucun montant ne sera d\u00e9bit\u00e9, sauf en cas d\u2019annulation tardive (moins de 15 jours avant la date d\u2019arriv\u00e9e) ou de non-pr\u00e9sentation.<\/p>\n\n\n\n<h4>Annulation<\/h4>\n\n\n\n<p>Toute annulation effectu\u00e9e plus de 15 jours avant la date d\u2019arriv\u00e9e entra\u00eene le remboursement int\u00e9gral de l\u2019acompte vers\u00e9 ou, si la r\u00e9servation a \u00e9t\u00e9 garantie par carte de cr\u00e9dit ou de d\u00e9bit, la suppression des informations de la carte sans qu\u2019aucun montant ne soit d\u00e9bit\u00e9.<\/p>\n\n\n\n<p>Toute annulation tardive, effectu\u00e9e dans les 15 jours pr\u00e9c\u00e9dant la date d\u2019arriv\u00e9e, entra\u00eene la facturation de 30% du montant total du s\u00e9jour. Ce montant est pr\u00e9lev\u00e9 sur la carte de cr\u00e9dit ou de d\u00e9bit fournie en garantie ou, lorsqu\u2019un acompte a \u00e9t\u00e9 vers\u00e9, celui-ci est conserv\u00e9.<\/p>\n\n\n\n<p>En cas de non-pr\u00e9sentation, 100% du montant total du s\u00e9jour est factur\u00e9.<\/p>\n\n\n\n<p>En cas de force majeure (fermeture des fronti\u00e8res, maladie, etc.), l\u2019acompte vers\u00e9 est int\u00e9gralement rembours\u00e9 ou, si la r\u00e9servation a \u00e9t\u00e9 garantie par carte de cr\u00e9dit ou de d\u00e9bit, les informations de la carte sont supprim\u00e9es sans qu\u2019aucun montant ne soit d\u00e9bit\u00e9.<\/p>\n\n\n\n<hr class=\"wp-block-separator has-alpha-channel-opacity\"\/>\n\n\n\n<a href=\"\/contact\"  class=\"button-block  align-center\" style=\"\">\n\tContact<\/a>\n","protected":false},"excerpt":{"rendered":"<p>Langages Les langues parl\u00e9es au Riad sont le fran\u00e7ais, l\u2019anglais et l\u2019arabe. Sauf exception, nos communications \u00e9crites sont r\u00e9dig\u00e9es en fran\u00e7ais et en anglais. Politique tarifaire Les prix sont \u00e9tablis sur la base d\u2019une occupation de deux personnes par chambre. Les prix comprennent l\u2019h\u00e9bergement, les petits-d\u00e9jeuners, l\u2019eau min\u00e9rale, le caf\u00e9, le th\u00e9 marocain et le [&hellip;]<\/p>\n","protected":false},"author":1,"featured_media":0,"parent":0,"menu_order":0,"comment_status":"closed","ping_status":"closed","template":"","meta":[],"acf":[],"_links":{"self":[{"href":"https:\/\/stage.terrasse-des-oliviers.com\/en\/wp-json\/wp\/v2\/pages\/78"}],"collection":[{"href":"https:\/\/stage.terrasse-des-oliviers.com\/en\/wp-json\/wp\/v2\/pages"}],"about":[{"href":"https:\/\/stage.terrasse-des-oliviers.com\/en\/wp-json\/wp\/v2\/types\/page"}],"author":[{"embeddable":true,"href":"https:\/\/stage.terrasse-des-oliviers.com\/en\/wp-json\/wp\/v2\/users\/1"}],"replies":[{"embeddable":true,"href":"https:\/\/stage.terrasse-des-oliviers.com\/en\/wp-json\/wp\/v2\/comments?post=78"}],"version-history":[{"count":1,"href":"https:\/\/stage.terrasse-des-oliviers.com\/en\/wp-json\/wp\/v2\/pages\/78\/revisions"}],"predecessor-version":[{"id":228,"href":"https:\/\/stage.terrasse-des-oliviers.com\/en\/wp-json\/wp\/v2\/pages\/78\/revisions\/228"}],"wp:attachment":[{"href":"https:\/\/stage.terrasse-des-oliviers.com\/en\/wp-json\/wp\/v2\/media?parent=78"}],"curies":[{"name":"wp","href":"https:\/\/api.w.org\/{rel}","templated":true}]}}